{"id":3789,"date":"2023-12-17T19:53:41","date_gmt":"2023-12-17T18:53:41","guid":{"rendered":"https:\/\/katja-bahini.de\/?post_type=tribe_events&#038;p=3789"},"modified":"2023-12-17T19:53:41","modified_gmt":"2023-12-17T18:53:41","slug":"6-teilige-minikursreihe-zeitgenoessischer-tanz-funktionale-anatomie","status":"publish","type":"tribe_events","link":"https:\/\/katja-bahini.de\/en\/event\/6-teilige-minikursreihe-zeitgenoessischer-tanz-funktionale-anatomie\/","title":{"rendered":"6-teilige Minikursreihe zeitgen\u00f6ssischer Tanz &#038; funktionale Anatomie"},"content":{"rendered":"<header class=\"entry-header\">\n<h1 class=\"entry-title\"><em style=\"font-size: 1rem;\">zeitgen\u00f6ssischer Tanz * funktionale Anatomie * Bewegungsorganisation und Verletzungspr\u00e4vention im Tanz\u00a0 inspiriert aus dem Axis Syllabus<\/em><\/h1>\n<\/header>\n<div class=\"entry-content\">\n<p><strong>\u00a0::<\/strong> Minireihe Januar\/ Februar 2024\u00a0 w\u00f6chentlich Dienstags 18 \u2013 20:30 h<br \/>\n<strong>9.1.\/\/ 16.1.\/\/ 23.1.\/\/ 30.1.\/\/ 6.2.\/\/ 13.2. 2024<\/strong> nur als ganzer Kurs belegbar<br \/>\n*early bird bis 15. Dezember*\u00a0 <strong><a href=\"https:\/\/forms.gle\/aZspPkuvMGActStC6\" target=\"_blank\" rel=\"noopener\">Zum ANMELDELINK<\/a><\/strong><\/p>\n<p>THEMENSCHWERPUNKTE<\/p>\n<p><strong>:: Happy Hips! <\/strong>\u2026 weil es Zeit braucht um k\u00f6rperlich zu landen vertiefen &amp; wiederholen wir die Anatomie der H\u00fcftgelenke und des Beckens und beforschen, wie wir die Strukturen unseres Skelettsystems optimal nutzen k\u00f6nnen f\u00fcr die Kraft\u00fcbertragung aus den Beinen durch das Becken in den Rumpf. Moderate Bewegungsreichweiten in den Gelenken, Gelenkfl\u00e4chendeckung f\u00fcr optimale Kraft\u00fcbertragung, offene und geschlossene Bewegungsketten werden u.a. Thema sein.<\/p>\n<p><a href=\"https:\/\/katja-bahini.de\/woechentliche-veranstaltungen\/zeitgenoessischer-tanz\/\" target=\"_blank\" rel=\"noopener\"><strong>&#8230;mehr Infos&#8230;<\/strong><\/a><\/p>\n<\/div>\n","protected":false},"excerpt":{"rendered":"<p>zeitgen\u00f6ssischer Tanz und funktionale Anatomie,  zeitgen\u00f6ssischer Tanz * funktionale Anatomie * Bewegungsorganisation und Verletzungspr\u00e4vention im Tanz\u00a0 inspiriert aus dem Axis Syllabus * Witzenhausen<\/p>\n","protected":false},"author":1,"featured_media":305,"template":"","meta":{"_tribe_events_status":"","_tribe_events_status_reason":"","footnotes":""},"tags":[],"tribe_events_cat":[13,12,11],"class_list":["post-3789","tribe_events","type-tribe_events","status-publish","has-post-thumbnail","hentry","tribe_events_cat-abendkurs","tribe_events_cat-bewegungsorganisation-inspiriert-aus-dem-axis-syllabus-und-kinaesthetik","tribe_events_cat-zeitgenoessischer-tanz","cat_abendkurs","cat_bewegungsorganisation-inspiriert-aus-dem-axis-syllabus-und-kinaesthetik","cat_zeitgenoessischer-tanz"],"translation":{"provider":"WPGlobus","version":"3.0.2","language":"en","enabled_languages":["de","en"],"languages":{"de":{"title":true,"content":true,"excerpt":true},"en":{"title":false,"content":false,"excerpt":false}}},"yoast_head":"<!-- This site is optimized with the Yoast SEO plugin v27.5 - https:\/\/yoast.com\/product\/yoast-seo-wordpress\/ -->\n<title>6-teilige Minikursreihe zeitgen\u00f6ssischer Tanz &amp; funktionale Anatomie - Katja-Bahini<\/title>\n<meta name=\"robots\" content=\"index, follow, max-snippet:-1, max-image-preview:large, max-video-preview:-1\" \/>\n<link rel=\"canonical\" href=\"https:\/\/katja-bahini.de\/event\/6-teilige-minikursreihe-zeitgenoessischer-tanz-funktionale-anatomie\/\" \/>\n<meta property=\"og:locale\" content=\"en_US\" \/>\n<meta property=\"og:type\" content=\"article\" \/>\n<meta property=\"og:title\" content=\"6-teilige Minikursreihe zeitgen\u00f6ssischer Tanz &amp; funktionale Anatomie - Katja-Bahini\" \/>\n<meta property=\"og:url\" content=\"https:\/\/katja-bahini.de\/event\/6-teilige-minikursreihe-zeitgenoessischer-tanz-funktionale-anatomie\/\" \/>\n<meta property=\"og:site_name\" content=\"Katja-Bahini\" \/>\n<meta property=\"article:publisher\" content=\"https:\/\/www.facebook.com\/KatjaBahini\" \/>\n<meta property=\"og:image\" content=\"https:\/\/ml5fn3turf4g.i.optimole.com\/w:auto\/h:auto\/q:mauto\/f:best\/ig:avif\/https:\/\/katja-bahini.de\/wp-content\/uploads\/2019\/12\/sammlung-434.jpg\" \/>\n\t<meta property=\"og:image:width\" content=\"1984\" \/>\n\t<meta property=\"og:image:height\" content=\"1488\" \/>\n\t<meta property=\"og:image:type\" content=\"image\/jpeg\" \/>\n<meta name=\"twitter:card\" content=\"summary_large_image\" \/>\n<meta name=\"twitter:label1\" content=\"Est. reading time\" \/>\n\t<meta name=\"twitter:data1\" content=\"1 minute\" \/>\n<script type=\"application\/ld+json\" class=\"yoast-schema-graph\">{\"@context\":\"https:\\\/\\\/schema.org\",\"@graph\":[{\"@type\":\"WebPage\",\"@id\":\"https:\\\/\\\/katja-bahini.de\\\/event\\\/6-teilige-minikursreihe-zeitgenoessischer-tanz-funktionale-anatomie\\\/\",\"url\":\"https:\\\/\\\/katja-bahini.de\\\/event\\\/6-teilige-minikursreihe-zeitgenoessischer-tanz-funktionale-anatomie\\\/\",\"name\":\"6-teilige Minikursreihe zeitgen\u00f6ssischer Tanz & funktionale Anatomie - Katja-Bahini\",\"isPartOf\":{\"@id\":\"https:\\\/\\\/katja-bahini.de\\\/#website\"},\"primaryImageOfPage\":{\"@id\":\"https:\\\/\\\/katja-bahini.de\\\/event\\\/6-teilige-minikursreihe-zeitgenoessischer-tanz-funktionale-anatomie\\\/#primaryimage\"},\"image\":{\"@id\":\"https:\\\/\\\/katja-bahini.de\\\/event\\\/6-teilige-minikursreihe-zeitgenoessischer-tanz-funktionale-anatomie\\\/#primaryimage\"},\"thumbnailUrl\":\"https:\\/\\/katja-bahini.de\\/wp-content\\/uploads\\/2019\\/12\\/sammlung-434.jpg\",\"datePublished\":\"2023-12-17T18:53:41+00:00\",\"description\":\"zeitgen\u00f6ssischer Tanz und funktionale Anatomie, zeitgen\u00f6ssischer Tanz * funktionale Anatomie * Bewegungsorganisation und Verletzungspr\u00e4vention im Tanz\u00a0 inspiriert aus dem Axis Syllabus * Witzenhausen\",\"breadcrumb\":{\"@id\":\"https:\\\/\\\/katja-bahini.de\\\/event\\\/6-teilige-minikursreihe-zeitgenoessischer-tanz-funktionale-anatomie\\\/#breadcrumb\"},\"inLanguage\":\"en-US\",\"potentialAction\":[{\"@type\":\"ReadAction\",\"target\":[\"https:\\\/\\\/katja-bahini.de\\\/event\\\/6-teilige-minikursreihe-zeitgenoessischer-tanz-funktionale-anatomie\\\/\"]}]},{\"@type\":\"ImageObject\",\"inLanguage\":\"en-US\",\"@id\":\"https:\\\/\\\/katja-bahini.de\\\/event\\\/6-teilige-minikursreihe-zeitgenoessischer-tanz-funktionale-anatomie\\\/#primaryimage\",\"url\":\"https:\\/\\/katja-bahini.de\\/wp-content\\/uploads\\/2019\\/12\\/sammlung-434.jpg\",\"contentUrl\":\"https:\\/\\/katja-bahini.de\\/wp-content\\/uploads\\/2019\\/12\\/sammlung-434.jpg\",\"width\":1984,\"height\":1488,\"caption\":\"zeitgen\u00f6ssischer Tanz &erfahrbare Anatomie Katja-Bahini\"},{\"@type\":\"BreadcrumbList\",\"@id\":\"https:\\\/\\\/katja-bahini.de\\\/event\\\/6-teilige-minikursreihe-zeitgenoessischer-tanz-funktionale-anatomie\\\/#breadcrumb\",\"itemListElement\":[{\"@type\":\"ListItem\",\"position\":1,\"name\":\"Startseite\",\"item\":\"https:\\\/\\\/katja-bahini.de\\\/\"},{\"@type\":\"ListItem\",\"position\":2,\"name\":\"Events\",\"item\":\"https:\\\/\\\/katja-bahini.de\\\/en\\\/events\\\/\"},{\"@type\":\"ListItem\",\"position\":3,\"name\":\"6-teilige Minikursreihe zeitgen\u00f6ssischer Tanz &#038; funktionale Anatomie\"}]},{\"@type\":\"WebSite\",\"@id\":\"https:\\\/\\\/katja-bahini.de\\\/#website\",\"url\":\"https:\\\/\\\/katja-bahini.de\\\/\",\"name\":\"Katja-Bahini\",\"description\":\"Dance into Being | Embodiment \u2022 Dance \u2022 Ecosomatics\",\"publisher\":{\"@id\":\"https:\\\/\\\/katja-bahini.de\\\/#\\\/schema\\\/person\\\/2965031418d4060cb149ff81bc772f72\"},\"potentialAction\":[{\"@type\":\"SearchAction\",\"target\":{\"@type\":\"EntryPoint\",\"urlTemplate\":\"https:\\\/\\\/katja-bahini.de\\\/?s={search_term_string}\"},\"query-input\":{\"@type\":\"PropertyValueSpecification\",\"valueRequired\":true,\"valueName\":\"search_term_string\"}}],\"inLanguage\":\"en-US\"},{\"@type\":[\"Person\",\"Organization\"],\"@id\":\"https:\\\/\\\/katja-bahini.de\\\/#\\\/schema\\\/person\\\/2965031418d4060cb149ff81bc772f72\",\"name\":\"Katja-Bahini Mangold\",\"image\":{\"@type\":\"ImageObject\",\"inLanguage\":\"en-US\",\"@id\":\"https:\\/\\/katja-bahini.de\\/wp-content\\/uploads\\/2019\\/Kreta_18\\/DSC06760.jpg\",\"url\":\"https:\\/\\/katja-bahini.de\\/wp-content\\/uploads\\/2019\\/Kreta_18\\/DSC06760.jpg\",\"contentUrl\":\"https:\\/\\/katja-bahini.de\\/wp-content\\/uploads\\/2019\\/Kreta_18\\/DSC06760.jpg\",\"width\":2000,\"height\":2000,\"caption\":\"Katja-Bahini Mangold\"},\"logo\":{\"@id\":\"https:\\/\\/katja-bahini.de\\/wp-content\\/uploads\\/2019\\/Kreta_18\\/DSC06760.jpg\"},\"description\":\"T\u00e4nzerin, Tanzp\u00e4dagogin, Agrarwissenschaftlerin\",\"sameAs\":[\"http:\\\/\\\/katja-bahini.de\",\"https:\\\/\\\/www.facebook.com\\\/KatjaBahini\",\"https:\\\/\\\/www.instagram.com\\\/KatjaBahini\\\/\"]}]}<\/script>\n<!-- \/ Yoast SEO plugin. -->","yoast_head_json":{"title":"6-teilige Minikursreihe zeitgen\u00f6ssischer Tanz & funktionale Anatomie - Katja-Bahini","robots":{"index":"index","follow":"follow","max-snippet":"max-snippet:-1","max-image-preview":"max-image-preview:large","max-video-preview":"max-video-preview:-1"},"canonical":"https:\/\/katja-bahini.de\/event\/6-teilige-minikursreihe-zeitgenoessischer-tanz-funktionale-anatomie\/","og_locale":"en_US","og_type":"article","og_title":"6-teilige Minikursreihe zeitgen\u00f6ssischer Tanz & funktionale Anatomie - Katja-Bahini","og_url":"https:\/\/katja-bahini.de\/event\/6-teilige-minikursreihe-zeitgenoessischer-tanz-funktionale-anatomie\/","og_site_name":"Katja-Bahini","article_publisher":"https:\/\/www.facebook.com\/KatjaBahini","og_image":[{"width":1984,"height":1488,"url":"https:\/\/ml5fn3turf4g.i.optimole.com\/w:auto\/h:auto\/q:mauto\/f:best\/ig:avif\/https:\/\/katja-bahini.de\/wp-content\/uploads\/2019\/12\/sammlung-434.jpg","type":"image\/jpeg"}],"twitter_card":"summary_large_image","twitter_misc":{"Est. reading time":"1 minute"},"schema":{"@context":"https:\/\/schema.org","@graph":[{"@type":"WebPage","@id":"https:\/\/katja-bahini.de\/event\/6-teilige-minikursreihe-zeitgenoessischer-tanz-funktionale-anatomie\/","url":"https:\/\/katja-bahini.de\/event\/6-teilige-minikursreihe-zeitgenoessischer-tanz-funktionale-anatomie\/","name":"6-teilige Minikursreihe zeitgen\u00f6ssischer Tanz & funktionale Anatomie - Katja-Bahini","isPartOf":{"@id":"https:\/\/katja-bahini.de\/#website"},"primaryImageOfPage":{"@id":"https:\/\/katja-bahini.de\/event\/6-teilige-minikursreihe-zeitgenoessischer-tanz-funktionale-anatomie\/#primaryimage"},"image":{"@id":"https:\/\/katja-bahini.de\/event\/6-teilige-minikursreihe-zeitgenoessischer-tanz-funktionale-anatomie\/#primaryimage"},"thumbnailUrl":"https:\/\/ml5fn3turf4g.i.optimole.com\/w:auto\/h:auto\/q:mauto\/f:best\/ig:avif\/https:\/\/katja-bahini.de\/wp-content\/uploads\/2019\/12\/sammlung-434.jpg","datePublished":"2023-12-17T18:53:41+00:00","description":"zeitgen\u00f6ssischer Tanz und funktionale Anatomie, zeitgen\u00f6ssischer Tanz * funktionale Anatomie * Bewegungsorganisation und Verletzungspr\u00e4vention im Tanz\u00a0 inspiriert aus dem Axis Syllabus * Witzenhausen","breadcrumb":{"@id":"https:\/\/katja-bahini.de\/event\/6-teilige-minikursreihe-zeitgenoessischer-tanz-funktionale-anatomie\/#breadcrumb"},"inLanguage":"en-US","potentialAction":[{"@type":"ReadAction","target":["https:\/\/katja-bahini.de\/event\/6-teilige-minikursreihe-zeitgenoessischer-tanz-funktionale-anatomie\/"]}]},{"@type":"ImageObject","inLanguage":"en-US","@id":"https:\/\/katja-bahini.de\/event\/6-teilige-minikursreihe-zeitgenoessischer-tanz-funktionale-anatomie\/#primaryimage","url":"https:\/\/ml5fn3turf4g.i.optimole.com\/w:auto\/h:auto\/q:mauto\/f:best\/ig:avif\/https:\/\/katja-bahini.de\/wp-content\/uploads\/2019\/12\/sammlung-434.jpg","contentUrl":"https:\/\/ml5fn3turf4g.i.optimole.com\/w:auto\/h:auto\/q:mauto\/f:best\/ig:avif\/https:\/\/katja-bahini.de\/wp-content\/uploads\/2019\/12\/sammlung-434.jpg","width":1984,"height":1488,"caption":"zeitgen\u00f6ssischer Tanz &erfahrbare Anatomie Katja-Bahini"},{"@type":"BreadcrumbList","@id":"https:\/\/katja-bahini.de\/event\/6-teilige-minikursreihe-zeitgenoessischer-tanz-funktionale-anatomie\/#breadcrumb","itemListElement":[{"@type":"ListItem","position":1,"name":"Startseite","item":"https:\/\/katja-bahini.de\/"},{"@type":"ListItem","position":2,"name":"Events","item":"https:\/\/katja-bahini.de\/en\/events\/"},{"@type":"ListItem","position":3,"name":"6-teilige Minikursreihe zeitgen\u00f6ssischer Tanz &#038; funktionale Anatomie"}]},{"@type":"WebSite","@id":"https:\/\/katja-bahini.de\/#website","url":"https:\/\/katja-bahini.de\/","name":"Katja-Bahini","description":"Dance into Being | Embodiment \u2022 Dance \u2022 Ecosomatics","publisher":{"@id":"https:\/\/katja-bahini.de\/#\/schema\/person\/2965031418d4060cb149ff81bc772f72"},"potentialAction":[{"@type":"SearchAction","target":{"@type":"EntryPoint","urlTemplate":"https:\/\/katja-bahini.de\/?s={search_term_string}"},"query-input":{"@type":"PropertyValueSpecification","valueRequired":true,"valueName":"search_term_string"}}],"inLanguage":"en-US"},{"@type":["Person","Organization"],"@id":"https:\/\/katja-bahini.de\/#\/schema\/person\/2965031418d4060cb149ff81bc772f72","name":"Katja-Bahini Mangold","image":{"@type":"ImageObject","inLanguage":"en-US","@id":"https:\/\/ml5fn3turf4g.i.optimole.com\/w:auto\/h:auto\/q:mauto\/f:best\/ig:avif\/https:\/\/katja-bahini.de\/wp-content\/uploads\/2019\/Kreta_18\/DSC06760.jpg","url":"https:\/\/ml5fn3turf4g.i.optimole.com\/w:auto\/h:auto\/q:mauto\/f:best\/ig:avif\/https:\/\/katja-bahini.de\/wp-content\/uploads\/2019\/Kreta_18\/DSC06760.jpg","contentUrl":"https:\/\/ml5fn3turf4g.i.optimole.com\/w:auto\/h:auto\/q:mauto\/f:best\/ig:avif\/https:\/\/katja-bahini.de\/wp-content\/uploads\/2019\/Kreta_18\/DSC06760.jpg","width":2000,"height":2000,"caption":"Katja-Bahini Mangold"},"logo":{"@id":"https:\/\/ml5fn3turf4g.i.optimole.com\/w:auto\/h:auto\/q:mauto\/f:best\/ig:avif\/https:\/\/katja-bahini.de\/wp-content\/uploads\/2019\/Kreta_18\/DSC06760.jpg"},"description":"T\u00e4nzerin, Tanzp\u00e4dagogin, Agrarwissenschaftlerin","sameAs":["http:\/\/katja-bahini.de","https:\/\/www.facebook.com\/KatjaBahini","https:\/\/www.instagram.com\/KatjaBahini\/"]}]}},"_links":{"self":[{"href":"https:\/\/katja-bahini.de\/en\/wp-json\/wp\/v2\/tribe_events\/3789","targetHints":{"allow":["GET"]}}],"collection":[{"href":"https:\/\/katja-bahini.de\/en\/wp-json\/wp\/v2\/tribe_events"}],"about":[{"href":"https:\/\/katja-bahini.de\/en\/wp-json\/wp\/v2\/types\/tribe_events"}],"author":[{"embeddable":true,"href":"https:\/\/katja-bahini.de\/en\/wp-json\/wp\/v2\/users\/1"}],"version-history":[{"count":1,"href":"https:\/\/katja-bahini.de\/en\/wp-json\/wp\/v2\/tribe_events\/3789\/revisions"}],"predecessor-version":[{"id":3790,"href":"https:\/\/katja-bahini.de\/en\/wp-json\/wp\/v2\/tribe_events\/3789\/revisions\/3790"}],"wp:featuredmedia":[{"embeddable":true,"href":"https:\/\/katja-bahini.de\/en\/wp-json\/wp\/v2\/media\/305"}],"wp:attachment":[{"href":"https:\/\/katja-bahini.de\/en\/wp-json\/wp\/v2\/media?parent=3789"}],"wp:term":[{"taxonomy":"post_tag","embeddable":true,"href":"https:\/\/katja-bahini.de\/en\/wp-json\/wp\/v2\/tags?post=3789"},{"taxonomy":"tribe_events_cat","embeddable":true,"href":"https:\/\/katja-bahini.de\/en\/wp-json\/wp\/v2\/tribe_events_cat?post=3789"}],"curies":[{"name":"wp","href":"https:\/\/api.w.org\/{rel}","templated":true}]}}