{"id":4699,"date":"2025-09-04T13:02:15","date_gmt":"2025-09-04T11:02:15","guid":{"rendered":"https:\/\/katja-bahini.de\/?page_id=4699"},"modified":"2026-04-27T15:19:03","modified_gmt":"2026-04-27T13:19:03","slug":"continuum-einfuehrung","status":"publish","type":"page","link":"https:\/\/katja-bahini.de\/en\/continuum-einfuehrung\/","title":{"rendered":"Continuum Einf\u00fchrungsseminar"},"content":{"rendered":"<div class=\"entry-content\">\n<p><span style=\"font-family: helvetica, arial, sans-serif;\"><strong><em>\u2026Ein Lockrufe und eine Liebeserkl\u00e4rung an den kreativen Fluss des Lebens in Dir und durch Dich hindurch\u2026<\/em><\/strong><\/span><span style=\"color: #ffffff;\">leer<\/span><\/p>\n<p>&nbsp;<\/p>\n<p><em>Sa\u00a0 7.\u00a0 &#8211;\u00a0 So 8. November\u00a0 2026\u00a0<span style=\"font-size: 10pt;\"> in der Wasserm\u00fchle Friedland bei G\u00f6ttingen<br \/>\n<\/span><span style=\"font-size: 10pt;\">\u00a0<\/span><span style=\"color: #ff0000;\"><span style=\"font-size: 10pt;\">early bird bis 25. September * 1 reduzierter Soliplatz wird angeboten<\/span><\/span><\/em><span style=\"color: #ffffff;\">leer<\/span><\/p>\n<p>&nbsp;<\/p>\n<p><em>\u2013\u00a0 basierend auf der somatischen und sound- basierten Bewegungspraxis des Continuum und meiner Herzenslehrerin Susan Harper \u2013 \u00a0<\/em><\/p>\n<p><span style=\"color: #ffffff;\">leer<\/span><\/p>\n<p><em>\u00b0\u00a0 Portale der Wahrnehmung<\/em><br \/>\n<em>\u00b0\u00a0 Mikrobewegungen<br \/>\n\u00b0\u00a0 Atem, Sound &amp; T\u00f6ne<br \/>\n\u00b0\u00a0 tiefe Pr\u00e4senzerfahrung<br \/>\n\u00b0\u00a0 K\u00f6rperbeheimatung <\/em><br \/>\n<em>\u00b0\u00a0 somatische Mystik\u00a0 &amp; Ritual<\/em><br \/>\n<em>\u00b0\u00a0 Kultivierung von Bezogenheit zur mehr-als-menschlichen Welt\u00a0<\/em><\/p>\n<p><span style=\"color: #ffffff;\">eerzeile<\/span><\/p>\n<p><i><i style=\"font-size: 1rem;\">\u2026<\/i>F\u00fcr unsere Praxis bedarf es keiner besonderen k\u00f6rperlichen\u00a0 Voraussetzungen. Du musst nicht sportlich sein oder besondere artistischen F\u00e4higkeiten besitzen, und doch<i style=\"font-size: 1rem;\">\u2026<\/i><\/i><\/p>\n<p><i>Diese Praxis ruft\u00a0 Dich mit Haut und Haaren.<\/i><br \/>\n<i>Ja, sie ruft Deine Zuwendung hin zu Dir selbst. <\/i><br \/>\n<i>Sie ruft Dich, Dich selbst wie im Gebet in den kreativen Fluss des Lebens zu betten. <\/i><br \/>\n<i>Sie ruft Dich, das, was ist und was sich zu zeigen vermag, in anteilnehmender Pr\u00e4senz zu begleiten. <\/i><\/p>\n<p><i>Wir er-innern und rufen mit all unseren Sinnen unser Angebunden-Sein an die elementaren Kr\u00e4fte, die das Leben formen und deren kreativer werdender und vergehender Ausdruck wir sind.\u00a0 M<em>al wollen Resignation, tiefe Trauer, Wut, das Unwissen\u2026 ebenso wie tiefe Freude, Genuss\u00a0 und Dankbarkeit\u2026\u00a0 mit all unseren Zellen bis in die Tiefe unseres Seins gef\u00fchlt werden.\u00a0 Doch nicht zuletzt, um sich daraus wieder neu zu geb\u00e4ren als\u00a0 Ausdruck im steten Wandel begriffener universeller Lebensprozesse. <\/em><\/i><\/p>\n<p><i><em>Mal tauchen wir in Tiefen des Erlebbaren fern des in Worten oder mit dem Verstand Erfassbaren, tief unter die Schichten von Kultur und Sprache\u2026 <\/em><\/i><\/p>\n<p><i>Neugierde und die Bereitschaft, <\/i><i>Dich mit all deinen Sinnen Dir selbst, sowie der mit uns verwobenen und unser Erleben einbettenden Mitwelt, zuzuwenden, sind die Spuren, denen wir folgen\u2026\u00a0<\/i><\/p>\n<p><em>Wir erweitern unsere Kapazit\u00e4t, pr\u00e4sent zu sein, mit dem, was ist.<\/em><\/p>\n<p><i>Wir ehren das Mysterium des Lebens durch unsere anteilnehmende\u00a0 \u00a0Pr\u00e4senz und die uns innewohnende kreative Kraft der Visionierung und Erneuerung.<\/i><\/p>\n<p><img data-opt-id=2079745105  fetchpriority=\"high\" decoding=\"async\" class=\"alignnone wp-image-4708 \" src=\"https:\/\/ml5fn3turf4g.i.optimole.com\/w:auto\/h:auto\/q:mauto\/f:best\/ig:avif\/https:\/\/katja-bahini.de\/wp-content\/uploads\/2025\/09\/susan_katja_25_1200pix.jpg\" alt=\"\" width=\"463\" height=\"469\" srcset=\"https:\/\/ml5fn3turf4g.i.optimole.com\/w:1064\/h:1080\/q:mauto\/f:best\/ig:avif\/https:\/\/katja-bahini.de\/wp-content\/uploads\/2025\/09\/susan_katja_25_1200pix.jpg 1183w, https:\/\/ml5fn3turf4g.i.optimole.com\/w:296\/h:300\/q:mauto\/f:best\/ig:avif\/https:\/\/katja-bahini.de\/wp-content\/uploads\/2025\/09\/susan_katja_25_1200pix.jpg 296w, https:\/\/ml5fn3turf4g.i.optimole.com\/w:1009\/h:1024\/q:mauto\/f:best\/ig:avif\/https:\/\/katja-bahini.de\/wp-content\/uploads\/2025\/09\/susan_katja_25_1200pix.jpg 1009w, https:\/\/ml5fn3turf4g.i.optimole.com\/w:768\/h:779\/q:mauto\/f:best\/ig:avif\/https:\/\/katja-bahini.de\/wp-content\/uploads\/2025\/09\/susan_katja_25_1200pix.jpg 768w, https:\/\/ml5fn3turf4g.i.optimole.com\/w:100\/h:100\/q:mauto\/f:best\/ig:avif\/dpr:2\/https:\/\/katja-bahini.de\/wp-content\/uploads\/2025\/09\/susan_katja_25_1200pix.jpg 100w\" sizes=\"(max-width: 463px) 100vw, 463px\" \/><br \/>\n<span style=\"font-size: 10pt;\">mit meiner Lehrerin Susan Harper,\u00a0 Continuum Detph Retreat Chieming 2025<\/span><\/p>\n<p><span style=\"color: #ffffff;\">leerzeile<\/span><\/p>\n<p>Wir praktizieren \u00fcberwiegend auf unseren eigenen Matten. Mal forschen uns spielen wir mit subtilere und mal mit raumgreifenderen Bewegungsqualit\u00e4ten und dem gesamten Spektrum dazwischen. Zu bestimmten Zeiten kann t\u00e4nzerische und somatische Begegnung in der gemeinsamen Mitte stattfinden. Wir sind zu jeder Zeit bekleidet.<\/p>\n<p><span style=\"color: #ffffff;\">leeleerr<\/span><\/p>\n<p>SEMINARORT<\/p>\n<p>Alte Wasserm\u00fchle Friedland, Leinestra\u00dfe 10, 37133 Friedland bei G\u00f6ttingen, 150m bis Bhf Friedland<\/p>\n<p><a href=\"https:\/\/kulturimkreis.info\/friedland-gemeinde\/alte-wassermuehle\/\" target=\"_blank\" rel=\"noopener\">https:\/\/kulturimkreis.info\/friedland-gemeinde\/alte-wassermuehle\/<\/a><\/p>\n<p><span style=\"color: #ffffff;\">leer<\/span><\/p>\n<p><span style=\"font-size: 1rem;\">\u00dcBERNACHTUNG\u00a0 &amp;\u00a0 SELBSTVERPFLEGUNG<\/span><\/p>\n<p>\u00dcbernachtung vor Ort im Gruppenraum (inklusive Matratze) m\u00f6glich ab 10\u20ac \/ Nacht.\u00a0 Ferienwohnungen zum optionalen Hinzubuchen befinden sich in Laufweite. Es stehen uns eine Kochgelegenheit und ein K\u00fchlschrank zur Verf\u00fcgung. Das Seminar beinhaltet keine Verpflegung, es wird aber die M\u00f6glichkeit zur Vernetzung vorab f\u00fcr ein Mitbringbuffet geben.<\/p>\n<p><span style=\"color: #ffffff; font-size: 1rem;\">leer<\/span><\/p>\n<p>PREISE<\/p>\n<p>WOCHENENDWORKSHOP \u00a0 Sa \u2013 So<\/p>\n<p><span style=\"font-size: 12pt;\">220 \u2013 290\u20ac\u00a0 <\/span><em><span style=\"color: #ff0000;\"><span style=\"font-size: small;\">early bird<\/span><\/span><\/em><span style=\"color: #ff0000;\"><span style=\"font-size: small;\"> bis 6 Wochen vor Kursbeginn ( 26.9.26)<\/span><\/span><span style=\"font-size: small;\"><br \/>\n<span style=\"font-size: 12pt;\">260 \u2013 330\u20ac<\/span>\u00a0 <\/span><span style=\"font-size: small;\">regul\u00e4r bis eine Woche vor Kursbeginn ( 30.10.26)<\/span><span style=\"font-size: small;\"><br \/>\n<span style=\"font-size: 12pt;\">290 \u2013 330\u20ac<\/span>\u00a0 ab je eine Woche vor Kursbeginn\u00a0 <\/span><\/p>\n<p><span style=\"font-size: small;\">Auf Anfrage biete ich einen reduzierten Soli- Platz ab 180\u20ac\u00a0 f\u00fcr einen Menschen mit weniger Chancen auf soziale Teilhabe. Bei Anmeldung zu zweit erhaltet ihr\u00a0 je 20\u20ac Reduktion.<\/span><\/p>\n<p><span style=\"color: #ffffff; font-size: 1rem;\">leer<\/span><\/p>\n<\/div>\n<div class=\"entry-content\">\n<p>Tagesworkshop<\/p>\n<p>110\u20ac &#8211; 135\u20ac\u00a0 <span style=\"font-size: 10pt; color: #ff0000;\"><em>early bird<\/em> <span style=\"color: #ff0000;\"><span style=\"font-size: small;\">bis 6 Wochen vor Kursbeginn<\/span><\/span><\/span><br \/>\n135\u20ac &#8211; 165\u20ac\u00a0 <span style=\"font-size: 10pt;\">regul\u00e4r<\/span> <span style=\"font-size: small;\">bis eine Woche vor Kursbeginn<\/span><br \/>\n155\u20ac &#8211; 165\u20ac <span style=\"font-size: 10pt;\">ab je eine Woche vor Kursbeginn\u00a0<\/span><\/p>\n<p><span style=\"font-size: 10pt;\">Auf Anfrage biete ich einen reduzierten Soli- Platz ab 90 &#8211; 120\u20ac f\u00fcr einen Menschen mit weniger Chancen auf soziale Teilhabe. <span style=\"font-size: small;\">Bei Anmeldung zu zweit erhaltet ihr\u00a0 je 15\u20ac Reduktion.<\/span><\/span><\/p>\n<p><span style=\"color: #ffffff;\">leerzeile<\/span><\/p>\n<p>ZEITEN*<\/p>\n<p>Samstag ab 9:15h Anreise &amp; Ankommen<\/p>\n<p>angeleitete Praxis &amp;\u00a0 somatische Tauchg\u00e4nge<br \/>\n10 \u2013 13h\u00a0 \/\u00a0 \u00a016 \u2013 19h\u00a0 \/<br \/>\n(20:30 \u2013 21:30h gemeinsamer Tagesabschluss optional)<\/p>\n<p>Sonntag angeleitete Praxis &amp;\u00a0 somatische Tauchg\u00e4nge<br \/>\n9:30 \u2013 12:30h\u00a0 \/\u00a0 \u00a015 \u2013 17h Abschluss<\/p>\n<p><span style=\"font-size: 10pt;\">* die Zeiten k\u00f6nnen variieren, der Zeitplan bildet eine erste Orientierung.<\/span><\/p>\n<p><span style=\"color: #ffffff;\">lereile<\/span><\/p>\n<p>ANMELDUNG\u00a0 &amp;\u00a0 FRAGEN<br \/>\nmail an info(at)katja-bahini(punkt)de mit Betreff \u201eContinuum Einf\u00fchrung\u201c<\/p>\n<p>&nbsp;<\/p>\n<p><em>F\u00fcr weiterf\u00fchrende Informationen\u00a0 empfehle ich Dir meinen <strong><a href=\"https:\/\/katja-bahini.de\/newsletter\/\">Newsletter<\/a><\/strong>, hier\u00a0 erf\u00e4hrst du zeitig von meinen Ausschreibungen und mehr \u00fcber meinen pers\u00f6nlichem Hintergrund.<\/em><span style=\"color: #ffffff;\">leer<\/span><\/p>\n<p><span style=\"color: #433c52;\"><em><strong><a style=\"color: #433c52;\" href=\"https:\/\/katja-bahini.de\/vita\/\" target=\"_blank\" rel=\"noopener\">Hier <\/a><\/strong><\/em>erf\u00e4hrst du bei Interesse mehr \u00fcber meinen\u00a0 Lebensweg\u2026<\/span><br \/>\n<span style=\"color: #433c52;\"><em><strong><a style=\"color: #433c52;\" href=\"https:\/\/katja-bahini.de\/media\/spurensuche\/\" target=\"_blank\" rel=\"noopener\">Hier <\/a><\/strong><\/em>in diesem Tanzfilm kannst du mich und mein Begehren vielleicht noch einmal anders Sp\u00fcren als es die Sprache zu transportieren vermag.<\/span><\/p>\n<p><span style=\"color: #ffffff;\">leerzeile<\/span><\/p>\n<p><span style=\"color: #433c52;\">weiterf\u00fchrende Infos \u00fcber<\/span><br \/>\n<span style=\"color: #433c52;\"><em><strong><a style=\"color: #433c52;\" href=\"https:\/\/continuummontage.com\/videos.html\" target=\"_blank\" rel=\"noopener\">Susan Harper\u00a0<\/a><\/strong><\/em><\/span><br \/>\n<a href=\"https:\/\/de.continuumteachers.com\/about\/what-is-continuum\" target=\"_blank\" rel=\"noopener\"><strong>Continuum<\/strong><\/a>\u00a0,\u00a0 eine somatische und sound-basierte Bewegungspraxis.<\/p>\n<p><span style=\"color: #ffffff;\">leerzeile<\/span><\/p>\n<p>Mein HINTERGRUND mit Continuum<\/p>\n<p>Ich hatte das gro\u00dfe Gl\u00fcck,\u00a0 2009 noch pers\u00f6nlich bei Emilie Conrad (USA, \u271d 2014), somatische Pionierin und Begr\u00fcnderin der Praxis,\u00a0 zu praktizieren. Seit 2020 bin ich begeisterte Sch\u00fclerin von Susan Harper und lasse wenige Gelegenheit aus, an dieser reichen Quelle zu trinken. Susan Harper, fr\u00fche Sch\u00fclerin von Emilie Conrad, ist seit\u00a0 50 Jahren\u00a0 ma\u00dfgeblich an der Mit- und Weiterentwicklung von Continuum beteiligt und hat die\u00a0<a href=\"https:\/\/de.continuumteachers.com\/\" target=\"_blank\" rel=\"noopener\">Continuum Teachers Association<\/a>\u00a0in ihrem Aufbau begleitet.\u00a0 Dar\u00fcber hinaus habe ich Continuum gelernt und praktiziert mit folgenden Lehrerinnen, welche direkt von Emilie ausgebildet wurden:\u00a0 Rebecca Lawson (Canada), Divo G. M\u00fcller (D), Mary Abrahams (USA), Megan Bathory-Peeler (USA), Rosemarie Kussinger (D), Tone Gilje (Nor), Kai Erhardt (D) und Mary Abrahams (USA).<\/p>\n<p>Insgesamt habe ich im Zeitraum von 2009 bis heute mehr als 625 Stunden Continnum mit eben genannten Lehrer*innen praktiziert und gelernt , davon etwa 350 Stunden mit Susan Harper. Seit Februar 26 assistiere ich in der laufenden <a href=\"https:\/\/www.somatische-akademie.de\/trainings\/continuum\/122\" target=\"_blank\" rel=\"noopener\">Continuum Fortbildung an der Somatischen Akademie Berlin<\/a> als \u00dcbersetzerin.\u00a0 Seit M\u00e4rz 2026 bin ich anerkannte <a href=\"https:\/\/de.continuumteachers.com\/teacher\/mangold\" target=\"_blank\" rel=\"noopener\">Continuum Lehrende<\/a> und Mitglied der CTA (Continuum Teachers Association).<\/p>\n<p>F\u00fcr einen Eindruck der Praxis empfehle Dir, dieses\u00a0<a href=\"https:\/\/youtu.be\/1gd7FWYp-jQ?feature=shared\" target=\"_blank\" rel=\"noopener\"><strong>Video<\/strong><\/a> zu schauen. Hier spricht Emilie Conrad\u00a0 und wir sehen Susan Harpers intrinsische R\u00fcckenbewegungen w\u00e4hrend einer Continuum Session in ihren\u00a0 fr\u00fchen 20ern (sp\u00e4ter auch Emilie im Bild).<\/p>\n<p>&nbsp;<\/p>\n<\/div>\n","protected":false},"excerpt":{"rendered":"<p>\u2026Ein Lockrufe und eine Liebeserkl\u00e4rung an den kreativen Fluss des Lebens in Dir und durch Dich hindurch\u2026leer &nbsp; Sa\u00a0 7.\u00a0 &#8211;\u00a0 So 8. November\u00a0 2026\u00a0 in der Wasserm\u00fchle Friedland bei &hellip; <\/p>\n<p class=\"link-more\"><a href=\"https:\/\/katja-bahini.de\/en\/continuum-einfuehrung\/\" class=\"more-link\">Continue reading<span class=\"screen-reader-text\"> &#8220;Continuum Einf\u00fchrungsseminar&#8221;<\/span><\/a><\/p>\n","protected":false},"author":1,"featured_media":5031,"parent":0,"menu_order":1,"comment_status":"closed","ping_status":"closed","template":"","meta":{"footnotes":""},"class_list":["post-4699","page","type-page","status-publish","has-post-thumbnail","hentry"],"translation":{"provider":"WPGlobus","version":"3.0.2","language":"en","enabled_languages":["de","en"],"languages":{"de":{"title":true,"content":true,"excerpt":false},"en":{"title":false,"content":false,"excerpt":false}}},"yoast_head":"<!-- This site is optimized with the Yoast SEO plugin v27.4 - https:\/\/yoast.com\/product\/yoast-seo-wordpress\/ -->\n<title>Continuum Einf\u00fchrungsseminar - Katja-Bahini<\/title>\n<meta name=\"robots\" content=\"index, follow, max-snippet:-1, max-image-preview:large, max-video-preview:-1\" \/>\n<link rel=\"canonical\" href=\"https:\/\/katja-bahini.de\/continuum-einfuehrung\/\" \/>\n<meta property=\"og:locale\" content=\"en_US\" \/>\n<meta property=\"og:type\" content=\"article\" \/>\n<meta property=\"og:title\" content=\"Continuum Einf\u00fchrungsseminar - Katja-Bahini\" \/>\n<meta property=\"og:url\" content=\"https:\/\/katja-bahini.de\/continuum-einfuehrung\/\" \/>\n<meta property=\"og:site_name\" content=\"Katja-Bahini\" \/>\n<meta property=\"article:publisher\" content=\"https:\/\/www.facebook.com\/KatjaBahini\" \/>\n<meta property=\"article:modified_time\" content=\"2026-04-27T13:19:03+00:00\" \/>\n<meta property=\"og:image\" content=\"https:\/\/ml5fn3turf4g.i.optimole.com\/w:auto\/h:auto\/q:mauto\/f:best\/ig:avif\/https:\/\/katja-bahini.de\/wp-content\/uploads\/2026\/04\/andrzej-kryszpiniuk-4wFqHZ1ONnM-unsplash-scaled.jpg\" \/>\n\t<meta property=\"og:image:width\" content=\"2560\" \/>\n\t<meta property=\"og:image:height\" content=\"1707\" \/>\n\t<meta property=\"og:image:type\" content=\"image\/jpeg\" \/>\n<meta name=\"twitter:card\" content=\"summary_large_image\" \/>\n<meta name=\"twitter:label1\" content=\"Est. reading time\" \/>\n\t<meta name=\"twitter:data1\" content=\"6 minutes\" \/>\n<script type=\"application\/ld+json\" class=\"yoast-schema-graph\">{\"@context\":\"https:\\\/\\\/schema.org\",\"@graph\":[{\"@type\":\"WebPage\",\"@id\":\"https:\\\/\\\/katja-bahini.de\\\/continuum-einfuehrung\\\/\",\"url\":\"https:\\\/\\\/katja-bahini.de\\\/continuum-einfuehrung\\\/\",\"name\":\"Continuum Einf\u00fchrungsseminar - Katja-Bahini\",\"isPartOf\":{\"@id\":\"https:\\\/\\\/katja-bahini.de\\\/#website\"},\"primaryImageOfPage\":{\"@id\":\"https:\\\/\\\/katja-bahini.de\\\/continuum-einfuehrung\\\/#primaryimage\"},\"image\":{\"@id\":\"https:\\\/\\\/katja-bahini.de\\\/continuum-einfuehrung\\\/#primaryimage\"},\"thumbnailUrl\":\"https:\\/\\/katja-bahini.de\\/wp-content\\/uploads\\/2026\\/04\\/andrzej-kryszpiniuk-4wFqHZ1ONnM-unsplash-scaled.jpg\",\"datePublished\":\"2025-09-04T11:02:15+00:00\",\"dateModified\":\"2026-04-27T13:19:03+00:00\",\"breadcrumb\":{\"@id\":\"https:\\\/\\\/katja-bahini.de\\\/continuum-einfuehrung\\\/#breadcrumb\"},\"inLanguage\":\"en-US\",\"potentialAction\":[{\"@type\":\"ReadAction\",\"target\":[\"https:\\\/\\\/katja-bahini.de\\\/continuum-einfuehrung\\\/\"]}]},{\"@type\":\"ImageObject\",\"inLanguage\":\"en-US\",\"@id\":\"https:\\\/\\\/katja-bahini.de\\\/continuum-einfuehrung\\\/#primaryimage\",\"url\":\"https:\\/\\/katja-bahini.de\\/wp-content\\/uploads\\/2026\\/04\\/andrzej-kryszpiniuk-4wFqHZ1ONnM-unsplash-scaled.jpg\",\"contentUrl\":\"https:\\/\\/katja-bahini.de\\/wp-content\\/uploads\\/2026\\/04\\/andrzej-kryszpiniuk-4wFqHZ1ONnM-unsplash-scaled.jpg\",\"width\":2560,\"height\":1707},{\"@type\":\"BreadcrumbList\",\"@id\":\"https:\\\/\\\/katja-bahini.de\\\/continuum-einfuehrung\\\/#breadcrumb\",\"itemListElement\":[{\"@type\":\"ListItem\",\"position\":1,\"name\":\"Startseite\",\"item\":\"https:\\\/\\\/katja-bahini.de\\\/\"},{\"@type\":\"ListItem\",\"position\":2,\"name\":\"Continuum Einf\u00fchrungsseminar\"}]},{\"@type\":\"WebSite\",\"@id\":\"https:\\\/\\\/katja-bahini.de\\\/#website\",\"url\":\"https:\\\/\\\/katja-bahini.de\\\/\",\"name\":\"Katja-Bahini\",\"description\":\"Dance into Being | Embodiment \u2022 Dance \u2022 Ecosomatics\",\"publisher\":{\"@id\":\"https:\\\/\\\/katja-bahini.de\\\/#\\\/schema\\\/person\\\/2965031418d4060cb149ff81bc772f72\"},\"potentialAction\":[{\"@type\":\"SearchAction\",\"target\":{\"@type\":\"EntryPoint\",\"urlTemplate\":\"https:\\\/\\\/katja-bahini.de\\\/?s={search_term_string}\"},\"query-input\":{\"@type\":\"PropertyValueSpecification\",\"valueRequired\":true,\"valueName\":\"search_term_string\"}}],\"inLanguage\":\"en-US\"},{\"@type\":[\"Person\",\"Organization\"],\"@id\":\"https:\\\/\\\/katja-bahini.de\\\/#\\\/schema\\\/person\\\/2965031418d4060cb149ff81bc772f72\",\"name\":\"Katja-Bahini Mangold\",\"image\":{\"@type\":\"ImageObject\",\"inLanguage\":\"en-US\",\"@id\":\"https:\\/\\/katja-bahini.de\\/wp-content\\/uploads\\/2019\\/Kreta_18\\/DSC06760.jpg\",\"url\":\"https:\\/\\/katja-bahini.de\\/wp-content\\/uploads\\/2019\\/Kreta_18\\/DSC06760.jpg\",\"contentUrl\":\"https:\\/\\/katja-bahini.de\\/wp-content\\/uploads\\/2019\\/Kreta_18\\/DSC06760.jpg\",\"width\":2000,\"height\":2000,\"caption\":\"Katja-Bahini Mangold\"},\"logo\":{\"@id\":\"https:\\/\\/katja-bahini.de\\/wp-content\\/uploads\\/2019\\/Kreta_18\\/DSC06760.jpg\"},\"description\":\"T\u00e4nzerin, Tanzp\u00e4dagogin, Agrarwissenschaftlerin\",\"sameAs\":[\"http:\\\/\\\/katja-bahini.de\",\"https:\\\/\\\/www.facebook.com\\\/KatjaBahini\",\"https:\\\/\\\/www.instagram.com\\\/KatjaBahini\\\/\"]}]}<\/script>\n<!-- \/ Yoast SEO plugin. -->","yoast_head_json":{"title":"Continuum Einf\u00fchrungsseminar - Katja-Bahini","robots":{"index":"index","follow":"follow","max-snippet":"max-snippet:-1","max-image-preview":"max-image-preview:large","max-video-preview":"max-video-preview:-1"},"canonical":"https:\/\/katja-bahini.de\/continuum-einfuehrung\/","og_locale":"en_US","og_type":"article","og_title":"Continuum Einf\u00fchrungsseminar - Katja-Bahini","og_url":"https:\/\/katja-bahini.de\/continuum-einfuehrung\/","og_site_name":"Katja-Bahini","article_publisher":"https:\/\/www.facebook.com\/KatjaBahini","article_modified_time":"2026-04-27T13:19:03+00:00","og_image":[{"width":2560,"height":1707,"url":"https:\/\/ml5fn3turf4g.i.optimole.com\/w:auto\/h:auto\/q:mauto\/f:best\/ig:avif\/https:\/\/katja-bahini.de\/wp-content\/uploads\/2026\/04\/andrzej-kryszpiniuk-4wFqHZ1ONnM-unsplash-scaled.jpg","type":"image\/jpeg"}],"twitter_card":"summary_large_image","twitter_misc":{"Est. reading time":"6 minutes"},"schema":{"@context":"https:\/\/schema.org","@graph":[{"@type":"WebPage","@id":"https:\/\/katja-bahini.de\/continuum-einfuehrung\/","url":"https:\/\/katja-bahini.de\/continuum-einfuehrung\/","name":"Continuum Einf\u00fchrungsseminar - Katja-Bahini","isPartOf":{"@id":"https:\/\/katja-bahini.de\/#website"},"primaryImageOfPage":{"@id":"https:\/\/katja-bahini.de\/continuum-einfuehrung\/#primaryimage"},"image":{"@id":"https:\/\/katja-bahini.de\/continuum-einfuehrung\/#primaryimage"},"thumbnailUrl":"https:\/\/ml5fn3turf4g.i.optimole.com\/w:auto\/h:auto\/q:mauto\/f:best\/ig:avif\/https:\/\/katja-bahini.de\/wp-content\/uploads\/2026\/04\/andrzej-kryszpiniuk-4wFqHZ1ONnM-unsplash-scaled.jpg","datePublished":"2025-09-04T11:02:15+00:00","dateModified":"2026-04-27T13:19:03+00:00","breadcrumb":{"@id":"https:\/\/katja-bahini.de\/continuum-einfuehrung\/#breadcrumb"},"inLanguage":"en-US","potentialAction":[{"@type":"ReadAction","target":["https:\/\/katja-bahini.de\/continuum-einfuehrung\/"]}]},{"@type":"ImageObject","inLanguage":"en-US","@id":"https:\/\/katja-bahini.de\/continuum-einfuehrung\/#primaryimage","url":"https:\/\/ml5fn3turf4g.i.optimole.com\/w:auto\/h:auto\/q:mauto\/f:best\/ig:avif\/https:\/\/katja-bahini.de\/wp-content\/uploads\/2026\/04\/andrzej-kryszpiniuk-4wFqHZ1ONnM-unsplash-scaled.jpg","contentUrl":"https:\/\/ml5fn3turf4g.i.optimole.com\/w:auto\/h:auto\/q:mauto\/f:best\/ig:avif\/https:\/\/katja-bahini.de\/wp-content\/uploads\/2026\/04\/andrzej-kryszpiniuk-4wFqHZ1ONnM-unsplash-scaled.jpg","width":2560,"height":1707},{"@type":"BreadcrumbList","@id":"https:\/\/katja-bahini.de\/continuum-einfuehrung\/#breadcrumb","itemListElement":[{"@type":"ListItem","position":1,"name":"Startseite","item":"https:\/\/katja-bahini.de\/"},{"@type":"ListItem","position":2,"name":"Continuum Einf\u00fchrungsseminar"}]},{"@type":"WebSite","@id":"https:\/\/katja-bahini.de\/#website","url":"https:\/\/katja-bahini.de\/","name":"Katja-Bahini","description":"Dance into Being | Embodiment \u2022 Dance \u2022 Ecosomatics","publisher":{"@id":"https:\/\/katja-bahini.de\/#\/schema\/person\/2965031418d4060cb149ff81bc772f72"},"potentialAction":[{"@type":"SearchAction","target":{"@type":"EntryPoint","urlTemplate":"https:\/\/katja-bahini.de\/?s={search_term_string}"},"query-input":{"@type":"PropertyValueSpecification","valueRequired":true,"valueName":"search_term_string"}}],"inLanguage":"en-US"},{"@type":["Person","Organization"],"@id":"https:\/\/katja-bahini.de\/#\/schema\/person\/2965031418d4060cb149ff81bc772f72","name":"Katja-Bahini Mangold","image":{"@type":"ImageObject","inLanguage":"en-US","@id":"https:\/\/ml5fn3turf4g.i.optimole.com\/w:auto\/h:auto\/q:mauto\/f:best\/ig:avif\/https:\/\/katja-bahini.de\/wp-content\/uploads\/2019\/Kreta_18\/DSC06760.jpg","url":"https:\/\/ml5fn3turf4g.i.optimole.com\/w:auto\/h:auto\/q:mauto\/f:best\/ig:avif\/https:\/\/katja-bahini.de\/wp-content\/uploads\/2019\/Kreta_18\/DSC06760.jpg","contentUrl":"https:\/\/ml5fn3turf4g.i.optimole.com\/w:auto\/h:auto\/q:mauto\/f:best\/ig:avif\/https:\/\/katja-bahini.de\/wp-content\/uploads\/2019\/Kreta_18\/DSC06760.jpg","width":2000,"height":2000,"caption":"Katja-Bahini Mangold"},"logo":{"@id":"https:\/\/ml5fn3turf4g.i.optimole.com\/w:auto\/h:auto\/q:mauto\/f:best\/ig:avif\/https:\/\/katja-bahini.de\/wp-content\/uploads\/2019\/Kreta_18\/DSC06760.jpg"},"description":"T\u00e4nzerin, Tanzp\u00e4dagogin, Agrarwissenschaftlerin","sameAs":["http:\/\/katja-bahini.de","https:\/\/www.facebook.com\/KatjaBahini","https:\/\/www.instagram.com\/KatjaBahini\/"]}]}},"_links":{"self":[{"href":"https:\/\/katja-bahini.de\/en\/wp-json\/wp\/v2\/pages\/4699","targetHints":{"allow":["GET"]}}],"collection":[{"href":"https:\/\/katja-bahini.de\/en\/wp-json\/wp\/v2\/pages"}],"about":[{"href":"https:\/\/katja-bahini.de\/en\/wp-json\/wp\/v2\/types\/page"}],"author":[{"embeddable":true,"href":"https:\/\/katja-bahini.de\/en\/wp-json\/wp\/v2\/users\/1"}],"replies":[{"embeddable":true,"href":"https:\/\/katja-bahini.de\/en\/wp-json\/wp\/v2\/comments?post=4699"}],"version-history":[{"count":74,"href":"https:\/\/katja-bahini.de\/en\/wp-json\/wp\/v2\/pages\/4699\/revisions"}],"predecessor-version":[{"id":5095,"href":"https:\/\/katja-bahini.de\/en\/wp-json\/wp\/v2\/pages\/4699\/revisions\/5095"}],"wp:featuredmedia":[{"embeddable":true,"href":"https:\/\/katja-bahini.de\/en\/wp-json\/wp\/v2\/media\/5031"}],"wp:attachment":[{"href":"https:\/\/katja-bahini.de\/en\/wp-json\/wp\/v2\/media?parent=4699"}],"curies":[{"name":"wp","href":"https:\/\/api.w.org\/{rel}","templated":true}]}}