{"id":1469,"date":"2021-10-19T23:25:05","date_gmt":"2021-10-19T21:25:05","guid":{"rendered":"http:\/\/katja-bahini.de\/?page_id=1469"},"modified":"2021-10-27T19:56:25","modified_gmt":"2021-10-27T17:56:25","slug":"teilnehmerinnenstimmen-waldfrauenzeit","status":"publish","type":"page","link":"https:\/\/katja-bahini.de\/en\/teilnehmerinnenstimmen-waldfrauenzeit\/","title":{"rendered":"Teilnehmerinnenstimmen Waldfrauenzeit"},"content":{"rendered":"<p>\u201eIch traf auf diesen Haufen wilder Waldfrauen. Sie wirkten wahr und wild auf mich. Ich wusste, dass ich genau richtig bin. Ich erlebte einen Raum, in dem wahrhaftig ALLES an mir eingeladen und willkommen gehei\u00dfen wurde. Einen Raum, in dem es weder um Nettigkeit, noch um Sch\u00f6nheit geht, sondern um meine ganz eigene k\u00f6rperliche Wahrheit. Tanzend, schreiend und trommelnd lernte ich meine eigene Innenwelt f\u00fchlen, k\u00e4mpfend meine Sinnlichkeit erleben und St\u00f6cker-berstend im H\u00f6llental meine Wutkraft kennen. Danke!\u201c anonym, 2021<\/p>\n<p>Sakriluce schrieb \u00fcber den Jahreszyklus 2020 verteilt:<br \/>\n<em>\u201eIm Wald. Spielen, wild, frei. besonnen? Unter Frauen. Dieses Treiben l\u00e4sst alle Worte zur\u00fcck. Schreibt mit eigener Sprache heilsam hinein ins Sein. Gedanken habe ich keine au\u00dferhalb dessen was ich unmittelbar erlebe. Die Lebendigkeit des Waldes, des wilden Bachs mag sich in mir abbilden. In ihrem steten Wandel und in ihrer best\u00e4ndigen Kraft. Weiter will ich nichts brauchen als die Erinnerung daran ,dass alle erlebte Sch\u00f6nheit der Natur in mir lebendig ist.<\/em><\/p>\n<p><em>Unter Frauen sein ~sichtbar ber\u00fchrbar mit offenem Herzen. Die Natur l\u00e4sst uns uns in unserer wahren Natur erleben, l\u00e4sst uns aufatmen\u2026 Katja lebt uns eine wilde Nat\u00fcrlichkeit vor, die alles da sein l\u00e4sst was sich zeigen will. Sie begegnet uns mit Neugier und einem offenen Herzen. Ich f\u00fchle mich willkommen, f\u00fchle mich wertvoll. Erlebe mich auch in meinem Schattenseiten und habe die Kraft der Frauen und der der Natur dem zu begegnen was ist. <\/em><\/p>\n<p><em>Jahres-r\u00fcckblickend kann ich sagen, dass die Waldfrauenzeit das Beste war was mir passieren konnte! Deine Lebensfreude, Katja-Bahini die Intensit\u00e4t und Pr\u00e4zision \ud83d\ude42 mit der du uns dem Wald und allen Strukturen begegnen lassen hast war sehr inspirierend f\u00fcr mich.. Dann Momente gr\u00f6\u00dfter Wildheit und Freiheit \u2026wie gen\u00fcsslich!\u2026die Begegnung mit so vielen tollen Frauen. danke danke danke\u201c\u00a0 <\/em>Sakriluce, 2020<\/p>\n<p><em>\u201eKatja-Bahinis Waldfrauenzeit war und ist eine wundersch\u00f6ne M\u00f6glichkeit f\u00fcr mich, in mich abzutauchen, hinein zu lauschen, in meinen K\u00f6rper und ihn sprechen zu lassen. Katja gibt t\u00e4nzerische und somatische Impulse, um mit diesen selbstst\u00e4ndig auf Entdeckungsreise zu gehen, nach dem, was sich in mir verbirgt und sich vielleicht noch nicht zeigen will, oder sch\u00fcchtern um die Ecke schaut und langsam eingeladen werden m\u00f6chte, oder aber auch laut hinausposaunt, beschrieen, besungen oder getanzt werden will. Es ist ein buntes Potpourri aus ganz viel Bewegung und Tanz, Begegnung mit mir und anderen Frauenwesen, wunderbarem Essen, Gespr\u00e4chs- und Singkreisen, Lagerfeuer, Solo- und Gruppenzeit. Das alles eingeh\u00fcllt von Mutter Natur, die sich in der m\u00e4rkischen Schweiz von ihrer sch\u00f6nsten Seite zeigt. Danke Katja, dass ich mir durch dich ein neues zu Hause schaffen konnte, in der Waldfrauenzeit, unter Frauen, in der Natur mit dir , mir und den Anderen. Durch deine Einladung hast du mir ein gro\u00dfes Geschenk gemacht und du bist mir eine fantastisch wilde, \u00fcberaus kluge und sehr feinf\u00fchlige Weggef\u00e4hrtin und Vorbildnerin. Mehr davon bitte!\u201c<\/em> Anne Bontemps, 34,\u00a0 2020<\/p>\n<p><em>\u201eWaldfrauenzeit\u2026.. <\/em><br \/>\n<em>\u2026da denke ich voller Dankbarkeit und mit wild h\u00fcpfendem Herzen zur\u00fcck an <\/em><br \/>\n<em>* kraftvolle R\u00e4ume mit viel Platz f\u00fcr Licht und Schatten, f\u00fcr Entwicklung dessen, was sich in die Welt bringen m\u00f6chte, f\u00fcr schwierig- verknotete und beseelt- leichte\u00a0 Augenblicke und all die vielen bunten Zwischent\u00f6ne <\/em><br \/>\n<em>* an T\u00e4nze allein und mit anderen, im Fluss mit den Elementen, alle Sinne \u00f6ffnend und dabei in Bewegung kommend, sowohl im Innen als im Au\u00dfen <\/em><br \/>\n<em>* im absichtslosen Herumstromern die Neugierde und das Staunen einladen und ganz weit und offen werden f\u00fcr das, was sich zeigen mag <\/em><br \/>\n<em>* in Rhythmen eintauchen, den eigenen Rhythmus (wieder)finden, Verbindung sp\u00fcren zum Rhythmus der Welt\/ der Natur\/ von Mutter Erde und den Tag trommelnd am \u00a0 Feuer ausklingen lassen <\/em><br \/>\n<em>* den wundersch\u00f6nsten Sternenhimmel <\/em><br \/>\n<em>* leckersten Fr\u00fchst\u00fccksbrei mit frisch gepfl\u00fcckten Beeren aus dem Himbeerwald und so tollem, mit Liebe gekochtem Gem\u00fcse und allem, was das wilde Drau\u00dfen-\u00a0 Herz begehrt und noch so so viel mehr\u2026\u201c<\/em> Melanie,\u00a0 2020<\/p>\n<p><em>\u201eDie Waldfrauenzeit war f\u00fcr mich ein Eintauchen und Hinabsinken in meine wahre Weiblichkeit. Mit allen Sinnen im Wald sein. Angeschmiegt an B\u00e4ume, Erde, Sand und Bl\u00e4tter bin ich verwurzelt geflogen.<\/em><br \/>\n<em>Noch nie habe ich eine so sanfte und fr\u00f6hliche Wildheit versp\u00fcrt und erlebt. So frei und ungezwungen unter Frauen zu sein war eine \u00fcberaus gl\u00fcckliche Zeit die mich noch lange durch meinen Alltag tragen wird. Katja-Bahinis einf\u00fchlsames Anleiten und ihre Lebensfreude in all ihrem Tun sind mir Inspiration und Motivation.<\/em><br \/>\n<em>Lehren durch sein, echte Waldfrau. Der Ort, das Essen und die Gemeinschaft waren genauso n\u00e4hrend und wohltuend wie das Tanzen, die Musik und das Feuer. Nun habe ich ein ganz weites Herz.\u201c<\/em> Susanne Beck, 51, 2019<\/p>\n<p><em>\u201eAls ich von der letzten Waldfrauenzeit zur\u00fcckkam und ein paar Tage sp\u00e4ter zuhause in den Wald ging, \u00fcberkam mich eine Welle von Gl\u00fcck, mit der ich wirklich nicht gerechnet hatte. Die Waldfrauenzeit hat meine direkte Verbindung zur Natur nachhaltig ver\u00e4ndert und bereichert. Wald zum anfassen und verbinden, mit meinem ganzen Sein. Nicht nur durchlaufen. So sch\u00f6n!<\/em><br \/>\n<em>Die Zeit mit den anderen wilden Waldfrauen, die Einheiten mit Katja-Bahini, die wundersch\u00f6ne Umgebung und der tolle Ort Drei Eichen bleibt eine wirklich sch\u00f6ne Erinnerung und ein somatischer Abdruck, der mich nachhaltig n\u00e4hrt.<\/em><br \/>\n<em>Ich sch\u00e4tze Katjas umfangreiches Wissen rund um Anatomie und Bewegungsabl\u00e4ufe und bin auch sehr dankbar f\u00fcr die wirklich leckere und gesunde Verpflegung w\u00e4hrend der Waldfrauenzeit. Ich freue mich schon sehr aufs n\u00e4chste mal. :)\u201c<\/em> Lara Mira, 27,\u00a0 2019<\/p>\n<p><span style=\"color: #000000;\">\u00a0<\/span><em>\u201eIch bin satt. Also so richtig wohlig satt. Jetzt wo es vorbei ist schon mit einer Spur von Sehnsucht, gleich wieder einzutauchen.<\/em><br \/>\n<em>Weil da so viel Genuss war \u2013 auf den verschiedensten Ebenen.<\/em><br \/>\n<em>Kulinarisch\u2026 hm \u2013 die Erinnerung an Goldene Milch zum Fr\u00fchst\u00fcck und unglaublich leckeren Thymian-Oliven\u00f6l-K\u00fcrbis zum Abendessen.<\/em><br \/>\n<em>K\u00f6rperlich\u2026 \u2013 mich ber\u00fchren und ber\u00fchren lassen und ganz viel Bewegung, oft langsam und viel Chance mein eigenes Sein, im eigenen Tempo zu erforschen. Atmen!\u00a0\u00a0 Nat\u00fcrlich\u2026 \u2013 in der Natur! So viel Kontakt zum Wald, dem Boden, der Sonne, dem Wind, den Bl\u00e4ttern, Zapfen, Gr\u00e4sern, Schilf, H\u00f6lzern, dem Sand \u2026 und da rein, so richtig; mit H\u00e4nden, F\u00fc\u00dfen, dem Gesicht, Lippen, Beinen \u2026 allem! Und ganz viel genussvoll\u00a0das eigene Gewicht abgeben und dabei die eigene Kraft erleben. Au\u00dferdem am Feuer: die W\u00e4rme, Hitze und auch da erleben, wie ich gen\u00e4hrt werde und n\u00e4hren darf. Hm. Vielen Dank!\u201c<\/em> Kathrin, 32<\/p>\n","protected":false},"excerpt":{"rendered":"<p>\u201eIch traf auf diesen Haufen wilder Waldfrauen. Sie wirkten wahr und wild auf mich. Ich wusste, dass ich genau richtig bin. Ich erlebte einen Raum, in dem wahrhaftig ALLES an &hellip; <\/p>\n<p class=\"link-more\"><a href=\"https:\/\/katja-bahini.de\/en\/teilnehmerinnenstimmen-waldfrauenzeit\/\" class=\"more-link\">Continue reading<span class=\"screen-reader-text\"> &#8220;Teilnehmerinnenstimmen Waldfrauenzeit&#8221;<\/span><\/a><\/p>\n","protected":false},"author":1,"featured_media":0,"parent":0,"menu_order":44,"comment_status":"closed","ping_status":"closed","template":"","meta":{"footnotes":""},"class_list":["post-1469","page","type-page","status-publish","hentry"],"translation":{"provider":"WPGlobus","version":"3.0.2","language":"en","enabled_languages":["de","en"],"languages":{"de":{"title":true,"content":true,"excerpt":false},"en":{"title":false,"content":false,"excerpt":false}}},"yoast_head":"<!-- This site is optimized with the Yoast SEO plugin v27.5 - https:\/\/yoast.com\/product\/yoast-seo-wordpress\/ -->\n<title>Teilnehmerinnenstimmen Waldfrauenzeit - Katja-Bahini<\/title>\n<meta name=\"robots\" content=\"index, follow, max-snippet:-1, max-image-preview:large, max-video-preview:-1\" \/>\n<link rel=\"canonical\" href=\"https:\/\/katja-bahini.de\/en\/teilnehmerinnenstimmen-waldfrauenzeit\/\" \/>\n<meta property=\"og:locale\" content=\"en_US\" \/>\n<meta property=\"og:type\" content=\"article\" \/>\n<meta property=\"og:title\" content=\"Teilnehmerinnenstimmen Waldfrauenzeit - Katja-Bahini\" \/>\n<meta property=\"og:url\" content=\"https:\/\/katja-bahini.de\/en\/teilnehmerinnenstimmen-waldfrauenzeit\/\" \/>\n<meta property=\"og:site_name\" content=\"Katja-Bahini\" \/>\n<meta property=\"article:publisher\" content=\"https:\/\/www.facebook.com\/KatjaBahini\" \/>\n<meta property=\"article:modified_time\" content=\"2021-10-27T17:56:25+00:00\" \/>\n<meta name=\"twitter:card\" content=\"summary_large_image\" \/>\n<meta name=\"twitter:label1\" content=\"Est. reading time\" \/>\n\t<meta name=\"twitter:data1\" content=\"5 minutes\" \/>\n<script type=\"application\/ld+json\" class=\"yoast-schema-graph\">{\"@context\":\"https:\\\/\\\/schema.org\",\"@graph\":[{\"@type\":\"WebPage\",\"@id\":\"https:\\\/\\\/katja-bahini.de\\\/en\\\/teilnehmerinnenstimmen-waldfrauenzeit\\\/\",\"url\":\"https:\\\/\\\/katja-bahini.de\\\/en\\\/teilnehmerinnenstimmen-waldfrauenzeit\\\/\",\"name\":\"Teilnehmerinnenstimmen Waldfrauenzeit - Katja-Bahini\",\"isPartOf\":{\"@id\":\"https:\\\/\\\/katja-bahini.de\\\/#website\"},\"datePublished\":\"2021-10-19T21:25:05+00:00\",\"dateModified\":\"2021-10-27T17:56:25+00:00\",\"description\":\"Dies haben ehemalige Teilnehmerinnen zur Waldfrauenzeit geschrieben. Ich hoffe, dies gibt Dir einen Eindruck in meine Arbeit.\",\"breadcrumb\":{\"@id\":\"https:\\\/\\\/katja-bahini.de\\\/en\\\/teilnehmerinnenstimmen-waldfrauenzeit\\\/#breadcrumb\"},\"inLanguage\":\"en-US\",\"potentialAction\":[{\"@type\":\"ReadAction\",\"target\":[\"https:\\\/\\\/katja-bahini.de\\\/en\\\/teilnehmerinnenstimmen-waldfrauenzeit\\\/\"]}]},{\"@type\":\"BreadcrumbList\",\"@id\":\"https:\\\/\\\/katja-bahini.de\\\/en\\\/teilnehmerinnenstimmen-waldfrauenzeit\\\/#breadcrumb\",\"itemListElement\":[{\"@type\":\"ListItem\",\"position\":1,\"name\":\"Startseite\",\"item\":\"https:\\\/\\\/katja-bahini.de\\\/\"},{\"@type\":\"ListItem\",\"position\":2,\"name\":\"Teilnehmerinnenstimmen Waldfrauenzeit\"}]},{\"@type\":\"WebSite\",\"@id\":\"https:\\\/\\\/katja-bahini.de\\\/#website\",\"url\":\"https:\\\/\\\/katja-bahini.de\\\/\",\"name\":\"Katja-Bahini\",\"description\":\"Dance into Being | Embodiment \u2022 Dance \u2022 Ecosomatics\",\"publisher\":{\"@id\":\"https:\\\/\\\/katja-bahini.de\\\/#\\\/schema\\\/person\\\/2965031418d4060cb149ff81bc772f72\"},\"potentialAction\":[{\"@type\":\"SearchAction\",\"target\":{\"@type\":\"EntryPoint\",\"urlTemplate\":\"https:\\\/\\\/katja-bahini.de\\\/?s={search_term_string}\"},\"query-input\":{\"@type\":\"PropertyValueSpecification\",\"valueRequired\":true,\"valueName\":\"search_term_string\"}}],\"inLanguage\":\"en-US\"},{\"@type\":[\"Person\",\"Organization\"],\"@id\":\"https:\\\/\\\/katja-bahini.de\\\/#\\\/schema\\\/person\\\/2965031418d4060cb149ff81bc772f72\",\"name\":\"Katja-Bahini Mangold\",\"image\":{\"@type\":\"ImageObject\",\"inLanguage\":\"en-US\",\"@id\":\"https:\\/\\/katja-bahini.de\\/wp-content\\/uploads\\/2019\\/Kreta_18\\/DSC06760.jpg\",\"url\":\"https:\\/\\/katja-bahini.de\\/wp-content\\/uploads\\/2019\\/Kreta_18\\/DSC06760.jpg\",\"contentUrl\":\"https:\\/\\/katja-bahini.de\\/wp-content\\/uploads\\/2019\\/Kreta_18\\/DSC06760.jpg\",\"width\":2000,\"height\":2000,\"caption\":\"Katja-Bahini Mangold\"},\"logo\":{\"@id\":\"https:\\/\\/katja-bahini.de\\/wp-content\\/uploads\\/2019\\/Kreta_18\\/DSC06760.jpg\"},\"description\":\"T\u00e4nzerin, Tanzp\u00e4dagogin, Agrarwissenschaftlerin\",\"sameAs\":[\"http:\\\/\\\/katja-bahini.de\",\"https:\\\/\\\/www.facebook.com\\\/KatjaBahini\",\"https:\\\/\\\/www.instagram.com\\\/KatjaBahini\\\/\"]}]}<\/script>\n<!-- \/ Yoast SEO plugin. -->","yoast_head_json":{"title":"Teilnehmerinnenstimmen Waldfrauenzeit - Katja-Bahini","robots":{"index":"index","follow":"follow","max-snippet":"max-snippet:-1","max-image-preview":"max-image-preview:large","max-video-preview":"max-video-preview:-1"},"canonical":"https:\/\/katja-bahini.de\/en\/teilnehmerinnenstimmen-waldfrauenzeit\/","og_locale":"en_US","og_type":"article","og_title":"Teilnehmerinnenstimmen Waldfrauenzeit - Katja-Bahini","og_url":"https:\/\/katja-bahini.de\/en\/teilnehmerinnenstimmen-waldfrauenzeit\/","og_site_name":"Katja-Bahini","article_publisher":"https:\/\/www.facebook.com\/KatjaBahini","article_modified_time":"2021-10-27T17:56:25+00:00","twitter_card":"summary_large_image","twitter_misc":{"Est. reading time":"5 minutes"},"schema":{"@context":"https:\/\/schema.org","@graph":[{"@type":"WebPage","@id":"https:\/\/katja-bahini.de\/en\/teilnehmerinnenstimmen-waldfrauenzeit\/","url":"https:\/\/katja-bahini.de\/en\/teilnehmerinnenstimmen-waldfrauenzeit\/","name":"Teilnehmerinnenstimmen Waldfrauenzeit - Katja-Bahini","isPartOf":{"@id":"https:\/\/katja-bahini.de\/#website"},"datePublished":"2021-10-19T21:25:05+00:00","dateModified":"2021-10-27T17:56:25+00:00","description":"Dies haben ehemalige Teilnehmerinnen zur Waldfrauenzeit geschrieben. Ich hoffe, dies gibt Dir einen Eindruck in meine Arbeit.","breadcrumb":{"@id":"https:\/\/katja-bahini.de\/en\/teilnehmerinnenstimmen-waldfrauenzeit\/#breadcrumb"},"inLanguage":"en-US","potentialAction":[{"@type":"ReadAction","target":["https:\/\/katja-bahini.de\/en\/teilnehmerinnenstimmen-waldfrauenzeit\/"]}]},{"@type":"BreadcrumbList","@id":"https:\/\/katja-bahini.de\/en\/teilnehmerinnenstimmen-waldfrauenzeit\/#breadcrumb","itemListElement":[{"@type":"ListItem","position":1,"name":"Startseite","item":"https:\/\/katja-bahini.de\/"},{"@type":"ListItem","position":2,"name":"Teilnehmerinnenstimmen Waldfrauenzeit"}]},{"@type":"WebSite","@id":"https:\/\/katja-bahini.de\/#website","url":"https:\/\/katja-bahini.de\/","name":"Katja-Bahini","description":"Dance into Being | Embodiment \u2022 Dance \u2022 Ecosomatics","publisher":{"@id":"https:\/\/katja-bahini.de\/#\/schema\/person\/2965031418d4060cb149ff81bc772f72"},"potentialAction":[{"@type":"SearchAction","target":{"@type":"EntryPoint","urlTemplate":"https:\/\/katja-bahini.de\/?s={search_term_string}"},"query-input":{"@type":"PropertyValueSpecification","valueRequired":true,"valueName":"search_term_string"}}],"inLanguage":"en-US"},{"@type":["Person","Organization"],"@id":"https:\/\/katja-bahini.de\/#\/schema\/person\/2965031418d4060cb149ff81bc772f72","name":"Katja-Bahini Mangold","image":{"@type":"ImageObject","inLanguage":"en-US","@id":"https:\/\/ml5fn3turf4g.i.optimole.com\/w:auto\/h:auto\/q:mauto\/f:best\/ig:avif\/https:\/\/katja-bahini.de\/wp-content\/uploads\/2019\/Kreta_18\/DSC06760.jpg","url":"https:\/\/ml5fn3turf4g.i.optimole.com\/w:auto\/h:auto\/q:mauto\/f:best\/ig:avif\/https:\/\/katja-bahini.de\/wp-content\/uploads\/2019\/Kreta_18\/DSC06760.jpg","contentUrl":"https:\/\/ml5fn3turf4g.i.optimole.com\/w:auto\/h:auto\/q:mauto\/f:best\/ig:avif\/https:\/\/katja-bahini.de\/wp-content\/uploads\/2019\/Kreta_18\/DSC06760.jpg","width":2000,"height":2000,"caption":"Katja-Bahini Mangold"},"logo":{"@id":"https:\/\/ml5fn3turf4g.i.optimole.com\/w:auto\/h:auto\/q:mauto\/f:best\/ig:avif\/https:\/\/katja-bahini.de\/wp-content\/uploads\/2019\/Kreta_18\/DSC06760.jpg"},"description":"T\u00e4nzerin, Tanzp\u00e4dagogin, Agrarwissenschaftlerin","sameAs":["http:\/\/katja-bahini.de","https:\/\/www.facebook.com\/KatjaBahini","https:\/\/www.instagram.com\/KatjaBahini\/"]}]}},"_links":{"self":[{"href":"https:\/\/katja-bahini.de\/en\/wp-json\/wp\/v2\/pages\/1469","targetHints":{"allow":["GET"]}}],"collection":[{"href":"https:\/\/katja-bahini.de\/en\/wp-json\/wp\/v2\/pages"}],"about":[{"href":"https:\/\/katja-bahini.de\/en\/wp-json\/wp\/v2\/types\/page"}],"author":[{"embeddable":true,"href":"https:\/\/katja-bahini.de\/en\/wp-json\/wp\/v2\/users\/1"}],"replies":[{"embeddable":true,"href":"https:\/\/katja-bahini.de\/en\/wp-json\/wp\/v2\/comments?post=1469"}],"version-history":[{"count":3,"href":"https:\/\/katja-bahini.de\/en\/wp-json\/wp\/v2\/pages\/1469\/revisions"}],"predecessor-version":[{"id":1491,"href":"https:\/\/katja-bahini.de\/en\/wp-json\/wp\/v2\/pages\/1469\/revisions\/1491"}],"wp:attachment":[{"href":"https:\/\/katja-bahini.de\/en\/wp-json\/wp\/v2\/media?parent=1469"}],"curies":[{"name":"wp","href":"https:\/\/api.w.org\/{rel}","templated":true}]}}